{"id":1873,"date":"2025-08-19T19:35:26","date_gmt":"2025-08-19T19:35:26","guid":{"rendered":"https:\/\/flic.vote\/?page_id=1873"},"modified":"2025-08-19T19:57:39","modified_gmt":"2025-08-19T19:57:39","slug":"what-to-know-to-be-a-powerful-florida-voter","status":"publish","type":"page","link":"https:\/\/flic.vote\/pt\/what-to-know-to-be-a-powerful-florida-voter\/","title":{"rendered":"O que saber para ser um eleitor poderoso na Fl\u00f3rida"},"content":{"rendered":"<div data-elementor-type=\"wp-page\" data-elementor-id=\"1873\" class=\"elementor elementor-1873\" data-elementor-post-type=\"page\">\n\t\t\t\t\t\t<section class=\"elementor-section elementor-top-section elementor-element elementor-element-c30bb83 elementor-section-boxed elementor-section-height-default elementor-section-height-default\" data-id=\"c30bb83\" data-element_type=\"section\">\n\t\t\t\t\t\t<div class=\"elementor-container elementor-column-gap-default\">\n\t\t\t\t\t<div class=\"elementor-column elementor-col-100 elementor-top-column elementor-element elementor-element-e2ebe63\" data-id=\"e2ebe63\" data-element_type=\"column\">\n\t\t\t<div class=\"elementor-widget-wrap elementor-element-populated\">\n\t\t\t\t\t\t<div class=\"elementor-element elementor-element-4e4a1f1 elementor-widget elementor-widget-heading\" data-id=\"4e4a1f1\" data-element_type=\"widget\" data-widget_type=\"heading.default\">\n\t\t\t\t<div class=\"elementor-widget-container\">\n\t\t\t\t\t<h4 class=\"elementor-heading-title elementor-size-default\">Registro de eleitores<\/h4>\t\t\t\t<\/div>\n\t\t\t\t<\/div>\n\t\t\t\t<div class=\"elementor-element elementor-element-7b1c637 elementor-widget elementor-widget-toggle\" data-id=\"7b1c637\" data-element_type=\"widget\" data-widget_type=\"toggle.default\">\n\t\t\t\t<div class=\"elementor-widget-container\">\n\t\t\t\t\t\t\t<div class=\"elementor-toggle\">\n\t\t\t\t\t\t\t<div class=\"elementor-toggle-item\">\n\t\t\t\t\t<div id=\"elementor-tab-title-1291\" class=\"elementor-tab-title\" data-tab=\"1\" role=\"button\" aria-controls=\"elementor-tab-content-1291\" aria-expanded=\"false\">\n\t\t\t\t\t\t\t\t\t\t\t\t<span class=\"elementor-toggle-icon elementor-toggle-icon-left\" aria-hidden=\"true\">\n\t\t\t\t\t\t\t\t\t\t\t\t\t\t\t<span class=\"elementor-toggle-icon-closed\"><i class=\"fas fa-caret-right\"><\/i><\/span>\n\t\t\t\t\t\t\t\t<span class=\"elementor-toggle-icon-opened\"><i class=\"elementor-toggle-icon-opened fas fa-caret-up\"><\/i><\/span>\n\t\t\t\t\t\t\t\t\t\t\t\t\t<\/span>\n\t\t\t\t\t\t\t\t\t\t\t\t<a class=\"elementor-toggle-title\" tabindex=\"0\">Quem pode se registrar para votar na Fl\u00f3rida?<\/a>\n\t\t\t\t\t<\/div>\n\n\t\t\t\t\t<div id=\"elementor-tab-content-1291\" class=\"elementor-tab-content elementor-clearfix\" data-tab=\"1\" role=\"region\" aria-labelledby=\"elementor-tab-title-1291\"><p><span style=\"font-weight: 400;\">Para se tornar um eleitor da Fl\u00f3rida, voc\u00ea deve atender \u00e0s seguintes qualifica\u00e7\u00f5es:\u00a0<\/span><\/p><ul><li style=\"font-weight: 400;\" aria-level=\"1\"><span style=\"font-weight: 400;\">Seja um cidad\u00e3o dos Estados Unidos.\u00a0<\/span><\/li><li style=\"font-weight: 400;\" aria-level=\"1\"><span style=\"font-weight: 400;\">Seja residente legal da Fl\u00f3rida, no condado onde voc\u00ea est\u00e1 se registrando.\u00a0<\/span><\/li><li style=\"font-weight: 400;\" aria-level=\"1\"><span style=\"font-weight: 400;\">Ter pelo menos 16 anos de idade no momento do registro. (Observa\u00e7\u00e3o: jovens de 16 e 17 anos podem se pr\u00e9-registrar, mas voc\u00ea precisa ter 18 anos para votar).\u00a0\u00a0<\/span><\/li><li style=\"font-weight: 400;\" aria-level=\"1\"><span style=\"font-weight: 400;\">N\u00e3o ter tido seus direitos de voto revogados por um tribunal.\u00a0<\/span><\/li><\/ul><p><span style=\"font-weight: 400;\">Se voc\u00ea foi condenado por um crime grave, para que seus direitos sejam restaurados. Para saber mais sobre como restaurar seus direitos, visite o site<\/span><a href=\"https:\/\/dos.fl.gov\/elections\/for-voters\/voter-registration\/felon-voting-rights\/\" target=\"_blank\" rel=\"noopener\"><span style=\"font-weight: 400;\"> Site da Divis\u00e3o Eleitoral da Fl\u00f3rida<\/span><\/a><span style=\"font-weight: 400;\">.<\/span><\/p><\/div>\n\t\t\t\t<\/div>\n\t\t\t\t\t\t\t<div class=\"elementor-toggle-item\">\n\t\t\t\t\t<div id=\"elementor-tab-title-1292\" class=\"elementor-tab-title\" data-tab=\"2\" role=\"button\" aria-controls=\"elementor-tab-content-1292\" aria-expanded=\"false\">\n\t\t\t\t\t\t\t\t\t\t\t\t<span class=\"elementor-toggle-icon elementor-toggle-icon-left\" aria-hidden=\"true\">\n\t\t\t\t\t\t\t\t\t\t\t\t\t\t\t<span class=\"elementor-toggle-icon-closed\"><i class=\"fas fa-caret-right\"><\/i><\/span>\n\t\t\t\t\t\t\t\t<span class=\"elementor-toggle-icon-opened\"><i class=\"elementor-toggle-icon-opened fas fa-caret-up\"><\/i><\/span>\n\t\t\t\t\t\t\t\t\t\t\t\t\t<\/span>\n\t\t\t\t\t\t\t\t\t\t\t\t<a class=\"elementor-toggle-title\" tabindex=\"0\">Posso me registrar para votar se N\u00c3O for cidad\u00e3o dos Estados Unidos?<\/a>\n\t\t\t\t\t<\/div>\n\n\t\t\t\t\t<div id=\"elementor-tab-content-1292\" class=\"elementor-tab-content elementor-clearfix\" data-tab=\"2\" role=\"region\" aria-labelledby=\"elementor-tab-title-1292\"><p><span style=\"text-decoration: underline;\"><b>N\u00c3O<\/b><\/span><span style=\"font-weight: 400;\"><span style=\"text-decoration: underline;\">.<\/span> N\u00e3o cidad\u00e3os, incluindo residentes legais permanentes, n\u00e3o podem votar nas elei\u00e7\u00f5es federais, estaduais e na maioria das elei\u00e7\u00f5es locais.<\/span><\/p><\/div>\n\t\t\t\t<\/div>\n\t\t\t\t\t\t\t<div class=\"elementor-toggle-item\">\n\t\t\t\t\t<div id=\"elementor-tab-title-1293\" class=\"elementor-tab-title\" data-tab=\"3\" role=\"button\" aria-controls=\"elementor-tab-content-1293\" aria-expanded=\"false\">\n\t\t\t\t\t\t\t\t\t\t\t\t<span class=\"elementor-toggle-icon elementor-toggle-icon-left\" aria-hidden=\"true\">\n\t\t\t\t\t\t\t\t\t\t\t\t\t\t\t<span class=\"elementor-toggle-icon-closed\"><i class=\"fas fa-caret-right\"><\/i><\/span>\n\t\t\t\t\t\t\t\t<span class=\"elementor-toggle-icon-opened\"><i class=\"elementor-toggle-icon-opened fas fa-caret-up\"><\/i><\/span>\n\t\t\t\t\t\t\t\t\t\t\t\t\t<\/span>\n\t\t\t\t\t\t\t\t\t\t\t\t<a class=\"elementor-toggle-title\" tabindex=\"0\">Como ou onde posso me registrar para votar?<\/a>\n\t\t\t\t\t<\/div>\n\n\t\t\t\t\t<div id=\"elementor-tab-content-1293\" class=\"elementor-tab-content elementor-clearfix\" data-tab=\"3\" role=\"region\" aria-labelledby=\"elementor-tab-title-1293\"><ul><li style=\"font-weight: 400;\" aria-level=\"1\"><a href=\"\/register\" target=\"_blank\" rel=\"noopener\"><span style=\"font-weight: 400;\">Voc\u00ea pode se registrar para votar ou atualizar seu registro diretamente neste site clicando <\/span><span style=\"font-weight: 400;\">aqui<\/span><\/a><span style=\"font-weight: 400;\">.\u00a0<\/span><\/li><li style=\"font-weight: 400;\" aria-level=\"1\"><span style=\"font-weight: 400;\">Por meio de qualquer escrit\u00f3rio de cobran\u00e7a de impostos que emita carteiras de motorista ou cart\u00f5es de identifica\u00e7\u00e3o estaduais da Fl\u00f3rida.\u00a0\u00a0<\/span><\/li><li style=\"font-weight: 400;\" aria-level=\"1\"><span style=\"font-weight: 400;\">Quando voc\u00ea renova sua carteira de motorista ou carteira de identidade por meio do sistema de renova\u00e7\u00e3o do Departamento de Seguran\u00e7a Rodovi\u00e1ria e Ve\u00edculos Motorizados da Fl\u00f3rida.<\/span><\/li><li style=\"font-weight: 400;\" aria-level=\"1\"><span style=\"font-weight: 400;\">Por meio de qualquer ag\u00eancia de registro de eleitores designada, como sua biblioteca local.\u00a0 <\/span><\/li><\/ul><\/div>\n\t\t\t\t<\/div>\n\t\t\t\t\t\t\t<div class=\"elementor-toggle-item\">\n\t\t\t\t\t<div id=\"elementor-tab-title-1294\" class=\"elementor-tab-title\" data-tab=\"4\" role=\"button\" aria-controls=\"elementor-tab-content-1294\" aria-expanded=\"false\">\n\t\t\t\t\t\t\t\t\t\t\t\t<span class=\"elementor-toggle-icon elementor-toggle-icon-left\" aria-hidden=\"true\">\n\t\t\t\t\t\t\t\t\t\t\t\t\t\t\t<span class=\"elementor-toggle-icon-closed\"><i class=\"fas fa-caret-right\"><\/i><\/span>\n\t\t\t\t\t\t\t\t<span class=\"elementor-toggle-icon-opened\"><i class=\"elementor-toggle-icon-opened fas fa-caret-up\"><\/i><\/span>\n\t\t\t\t\t\t\t\t\t\t\t\t\t<\/span>\n\t\t\t\t\t\t\t\t\t\t\t\t<a class=\"elementor-toggle-title\" tabindex=\"0\">Como posso verificar meu status de registro de eleitor?<\/a>\n\t\t\t\t\t<\/div>\n\n\t\t\t\t\t<div id=\"elementor-tab-content-1294\" class=\"elementor-tab-content elementor-clearfix\" data-tab=\"4\" role=\"region\" aria-labelledby=\"elementor-tab-title-1294\"><p><span style=\"font-weight: 400;\">Verificar seu status de registro de eleitor \u00e9 f\u00e1cil! <a href=\"\/notsure\" target=\"_blank\" rel=\"noopener\">Voc\u00ea pode fazer isso diretamente neste site clicando aqui.<\/a><\/span><\/p><\/div>\n\t\t\t\t<\/div>\n\t\t\t\t\t\t\t<div class=\"elementor-toggle-item\">\n\t\t\t\t\t<div id=\"elementor-tab-title-1295\" class=\"elementor-tab-title\" data-tab=\"5\" role=\"button\" aria-controls=\"elementor-tab-content-1295\" aria-expanded=\"false\">\n\t\t\t\t\t\t\t\t\t\t\t\t<span class=\"elementor-toggle-icon elementor-toggle-icon-left\" aria-hidden=\"true\">\n\t\t\t\t\t\t\t\t\t\t\t\t\t\t\t<span class=\"elementor-toggle-icon-closed\"><i class=\"fas fa-caret-right\"><\/i><\/span>\n\t\t\t\t\t\t\t\t<span class=\"elementor-toggle-icon-opened\"><i class=\"elementor-toggle-icon-opened fas fa-caret-up\"><\/i><\/span>\n\t\t\t\t\t\t\t\t\t\t\t\t\t<\/span>\n\t\t\t\t\t\t\t\t\t\t\t\t<a class=\"elementor-toggle-title\" tabindex=\"0\">Como atualizo meu registro de eleitor? <\/a>\n\t\t\t\t\t<\/div>\n\n\t\t\t\t\t<div id=\"elementor-tab-content-1295\" class=\"elementor-tab-content elementor-clearfix\" data-tab=\"5\" role=\"region\" aria-labelledby=\"elementor-tab-title-1295\"><p><span style=\"font-weight: 400;\">Atualizar seu registro de eleitor \u00e9 f\u00e1cil! <a href=\"\/check\" target=\"_blank\" rel=\"noopener\">Voc\u00ea pode fazer isso diretamente neste site clicando <\/a><\/span><span style=\"font-weight: 400;\">aqui<\/span><span style=\"font-weight: 400;\">. <\/span><\/p><\/div>\n\t\t\t\t<\/div>\n\t\t\t\t\t\t\t<div class=\"elementor-toggle-item\">\n\t\t\t\t\t<div id=\"elementor-tab-title-1296\" class=\"elementor-tab-title\" data-tab=\"6\" role=\"button\" aria-controls=\"elementor-tab-content-1296\" aria-expanded=\"false\">\n\t\t\t\t\t\t\t\t\t\t\t\t<span class=\"elementor-toggle-icon elementor-toggle-icon-left\" aria-hidden=\"true\">\n\t\t\t\t\t\t\t\t\t\t\t\t\t\t\t<span class=\"elementor-toggle-icon-closed\"><i class=\"fas fa-caret-right\"><\/i><\/span>\n\t\t\t\t\t\t\t\t<span class=\"elementor-toggle-icon-opened\"><i class=\"elementor-toggle-icon-opened fas fa-caret-up\"><\/i><\/span>\n\t\t\t\t\t\t\t\t\t\t\t\t\t<\/span>\n\t\t\t\t\t\t\t\t\t\t\t\t<a class=\"elementor-toggle-title\" tabindex=\"0\">Qual \u00e9 o prazo para solicitar o registro para votar?<\/a>\n\t\t\t\t\t<\/div>\n\n\t\t\t\t\t<div id=\"elementor-tab-content-1296\" class=\"elementor-tab-content elementor-clearfix\" data-tab=\"6\" role=\"region\" aria-labelledby=\"elementor-tab-title-1296\"><p><span style=\"font-weight: 400;\">O prazo para se registrar para votar \u00e9 29 dias antes da pr\u00f3xima elei\u00e7\u00e3o. <\/span><\/p><\/div>\n\t\t\t\t<\/div>\n\t\t\t\t\t\t\t<div class=\"elementor-toggle-item\">\n\t\t\t\t\t<div id=\"elementor-tab-title-1297\" class=\"elementor-tab-title\" data-tab=\"7\" role=\"button\" aria-controls=\"elementor-tab-content-1297\" aria-expanded=\"false\">\n\t\t\t\t\t\t\t\t\t\t\t\t<span class=\"elementor-toggle-icon elementor-toggle-icon-left\" aria-hidden=\"true\">\n\t\t\t\t\t\t\t\t\t\t\t\t\t\t\t<span class=\"elementor-toggle-icon-closed\"><i class=\"fas fa-caret-right\"><\/i><\/span>\n\t\t\t\t\t\t\t\t<span class=\"elementor-toggle-icon-opened\"><i class=\"elementor-toggle-icon-opened fas fa-caret-up\"><\/i><\/span>\n\t\t\t\t\t\t\t\t\t\t\t\t\t<\/span>\n\t\t\t\t\t\t\t\t\t\t\t\t<a class=\"elementor-toggle-title\" tabindex=\"0\">Posso me registrar para votar no dia da elei\u00e7\u00e3o?<\/a>\n\t\t\t\t\t<\/div>\n\n\t\t\t\t\t<div id=\"elementor-tab-content-1297\" class=\"elementor-tab-content elementor-clearfix\" data-tab=\"7\" role=\"region\" aria-labelledby=\"elementor-tab-title-1297\"><p><span style=\"text-decoration: underline;\"><b>N\u00c3O.<\/b><\/span><span style=\"font-weight: 400;\"> O prazo para se registrar para votar \u00e9 29 dias antes da pr\u00f3xima elei\u00e7\u00e3o. <\/span><\/p><\/div>\n\t\t\t\t<\/div>\n\t\t\t\t\t\t\t<div class=\"elementor-toggle-item\">\n\t\t\t\t\t<div id=\"elementor-tab-title-1298\" class=\"elementor-tab-title\" data-tab=\"8\" role=\"button\" aria-controls=\"elementor-tab-content-1298\" aria-expanded=\"false\">\n\t\t\t\t\t\t\t\t\t\t\t\t<span class=\"elementor-toggle-icon elementor-toggle-icon-left\" aria-hidden=\"true\">\n\t\t\t\t\t\t\t\t\t\t\t\t\t\t\t<span class=\"elementor-toggle-icon-closed\"><i class=\"fas fa-caret-right\"><\/i><\/span>\n\t\t\t\t\t\t\t\t<span class=\"elementor-toggle-icon-opened\"><i class=\"elementor-toggle-icon-opened fas fa-caret-up\"><\/i><\/span>\n\t\t\t\t\t\t\t\t\t\t\t\t\t<\/span>\n\t\t\t\t\t\t\t\t\t\t\t\t<a class=\"elementor-toggle-title\" tabindex=\"0\">Registrei-me para votar h\u00e1 muito tempo, mas ainda n\u00e3o votei. Preciso me registrar novamente para votar na pr\u00f3xima elei\u00e7\u00e3o?<\/a>\n\t\t\t\t\t<\/div>\n\n\t\t\t\t\t<div id=\"elementor-tab-content-1298\" class=\"elementor-tab-content elementor-clearfix\" data-tab=\"8\" role=\"region\" aria-labelledby=\"elementor-tab-title-1298\"><p><span style=\"font-weight: 400;\">Embora n\u00e3o votar n\u00e3o o remova automaticamente do rol de eleitores, os eleitores podem ser removidos ap\u00f3s um per\u00edodo de inatividade. <a href=\"\/check\" target=\"_blank\" rel=\"noopener\">Verifique e atualize seu status atual de registro de eleitor clicando aqui.<\/a><\/span><\/p><\/div>\n\t\t\t\t<\/div>\n\t\t\t\t\t\t\t<div class=\"elementor-toggle-item\">\n\t\t\t\t\t<div id=\"elementor-tab-title-1299\" class=\"elementor-tab-title\" data-tab=\"9\" role=\"button\" aria-controls=\"elementor-tab-content-1299\" aria-expanded=\"false\">\n\t\t\t\t\t\t\t\t\t\t\t\t<span class=\"elementor-toggle-icon elementor-toggle-icon-left\" aria-hidden=\"true\">\n\t\t\t\t\t\t\t\t\t\t\t\t\t\t\t<span class=\"elementor-toggle-icon-closed\"><i class=\"fas fa-caret-right\"><\/i><\/span>\n\t\t\t\t\t\t\t\t<span class=\"elementor-toggle-icon-opened\"><i class=\"elementor-toggle-icon-opened fas fa-caret-up\"><\/i><\/span>\n\t\t\t\t\t\t\t\t\t\t\t\t\t<\/span>\n\t\t\t\t\t\t\t\t\t\t\t\t<a class=\"elementor-toggle-title\" tabindex=\"0\">Registo para votar para pessoas com condena\u00e7\u00f5es:<\/a>\n\t\t\t\t\t<\/div>\n\n\t\t\t\t\t<div id=\"elementor-tab-content-1299\" class=\"elementor-tab-content elementor-clearfix\" data-tab=\"9\" role=\"region\" aria-labelledby=\"elementor-tab-title-1299\"><p><span style=\"font-weight: 400;\">Em caso de condena\u00e7\u00e3o por crime grave, o direito ao voto na Fl\u00f3rida s\u00f3 pode ser restaurado por meio de clem\u00eancia, de acordo com a Se\u00e7\u00e3o 8, Art. V da Constitui\u00e7\u00e3o da Fl\u00f3rida. Para obter mais informa\u00e7\u00f5es sobre como restaurar seu direito ao voto, visite o site<\/span><a href=\"https:\/\/dos.fl.gov\/elections\/for-voters\/voter-registration\/felon-voting-rights\/\" target=\"_blank\" rel=\"noopener\"><span style=\"font-weight: 400;\"> Site da Divis\u00e3o Eleitoral da Fl\u00f3rida<\/span><\/a><span style=\"font-weight: 400;\">.\u00a0<\/span><\/p><\/div>\n\t\t\t\t<\/div>\n\t\t\t\t\t\t\t\t<\/div>\n\t\t\t\t\t\t<\/div>\n\t\t\t\t<\/div>\n\t\t\t\t<div class=\"elementor-element elementor-element-c2c856b elementor-widget elementor-widget-heading\" data-id=\"c2c856b\" data-element_type=\"widget\" data-widget_type=\"heading.default\">\n\t\t\t\t<div class=\"elementor-widget-container\">\n\t\t\t\t\t<h4 class=\"elementor-heading-title elementor-size-default\">Votar pelo correio<\/h4>\t\t\t\t<\/div>\n\t\t\t\t<\/div>\n\t\t\t\t<div class=\"elementor-element elementor-element-9712d8d elementor-widget elementor-widget-toggle\" data-id=\"9712d8d\" data-element_type=\"widget\" data-widget_type=\"toggle.default\">\n\t\t\t\t<div class=\"elementor-widget-container\">\n\t\t\t\t\t\t\t<div class=\"elementor-toggle\">\n\t\t\t\t\t\t\t<div class=\"elementor-toggle-item\">\n\t\t\t\t\t<div id=\"elementor-tab-title-1581\" class=\"elementor-tab-title\" data-tab=\"1\" role=\"button\" aria-controls=\"elementor-tab-content-1581\" aria-expanded=\"false\">\n\t\t\t\t\t\t\t\t\t\t\t\t<span class=\"elementor-toggle-icon elementor-toggle-icon-left\" aria-hidden=\"true\">\n\t\t\t\t\t\t\t\t\t\t\t\t\t\t\t<span class=\"elementor-toggle-icon-closed\"><i class=\"fas fa-caret-right\"><\/i><\/span>\n\t\t\t\t\t\t\t\t<span class=\"elementor-toggle-icon-opened\"><i class=\"elementor-toggle-icon-opened fas fa-caret-up\"><\/i><\/span>\n\t\t\t\t\t\t\t\t\t\t\t\t\t<\/span>\n\t\t\t\t\t\t\t\t\t\t\t\t<a class=\"elementor-toggle-title\" tabindex=\"0\">O que \u00e9 Voto por Correio?<\/a>\n\t\t\t\t\t<\/div>\n\n\t\t\t\t\t<div id=\"elementor-tab-content-1581\" class=\"elementor-tab-content elementor-clearfix\" data-tab=\"1\" role=\"region\" aria-labelledby=\"elementor-tab-title-1581\"><p><span style=\"font-weight: 400;\">Voto pelo correio refere-se \u00e0 vota\u00e7\u00e3o por meio de uma c\u00e9dula solicitada com anteced\u00eancia e recebida pelo correio, em vez de ir \u00e0s urnas para votar pessoalmente.\u00a0<\/span><\/p><p><b>Etapas para votar pelo correio\u00a0<\/b><\/p><ol><li style=\"font-weight: 400;\" aria-level=\"1\"><span style=\"font-weight: 400;\">Inscreva-se para votar pelo correio. Voc\u00ea pode fazer isso clicando em <\/span><span style=\"font-weight: 400;\">AQUI<\/span><span style=\"font-weight: 400;\">!<\/span><\/li><li style=\"font-weight: 400;\" aria-level=\"1\"><span style=\"font-weight: 400;\">Voc\u00ea receber\u00e1 sua c\u00e9dula junto com um pacote de eleitor em seu endere\u00e7o cerca de um m\u00eas antes da elei\u00e7\u00e3o.\u00a0<\/span><\/li><li style=\"font-weight: 400;\" aria-level=\"1\"><span style=\"font-weight: 400;\">Ap\u00f3s receb\u00ea-lo, preencha sua c\u00e9dula de acordo com as instru\u00e7\u00f5es no pacote de eleitor.<\/span><\/li><li style=\"font-weight: 400;\" aria-level=\"1\"><span style=\"font-weight: 400;\">Assine sua c\u00e9dula e envie-a pelo correio!<\/span><\/li><\/ol><p><a href=\"https:\/\/dos.fl.gov\/elections\/contacts\/supervisor-of-elections\/\" target=\"_blank\" rel=\"noopener\"><span style=\"font-weight: 400;\">Acompanhe sua c\u00e9dula<\/span><\/a><span style=\"font-weight: 400;\"> e certifique-se de que sua voz seja ouvida! \u00a0 <\/span><\/p><\/div>\n\t\t\t\t<\/div>\n\t\t\t\t\t\t\t<div class=\"elementor-toggle-item\">\n\t\t\t\t\t<div id=\"elementor-tab-title-1582\" class=\"elementor-tab-title\" data-tab=\"2\" role=\"button\" aria-controls=\"elementor-tab-content-1582\" aria-expanded=\"false\">\n\t\t\t\t\t\t\t\t\t\t\t\t<span class=\"elementor-toggle-icon elementor-toggle-icon-left\" aria-hidden=\"true\">\n\t\t\t\t\t\t\t\t\t\t\t\t\t\t\t<span class=\"elementor-toggle-icon-closed\"><i class=\"fas fa-caret-right\"><\/i><\/span>\n\t\t\t\t\t\t\t\t<span class=\"elementor-toggle-icon-opened\"><i class=\"elementor-toggle-icon-opened fas fa-caret-up\"><\/i><\/span>\n\t\t\t\t\t\t\t\t\t\t\t\t\t<\/span>\n\t\t\t\t\t\t\t\t\t\t\t\t<a class=\"elementor-toggle-title\" tabindex=\"0\">Por que uma pessoa escolheria votar pelo correio?<\/a>\n\t\t\t\t\t<\/div>\n\n\t\t\t\t\t<div id=\"elementor-tab-content-1582\" class=\"elementor-tab-content elementor-clearfix\" data-tab=\"2\" role=\"region\" aria-labelledby=\"elementor-tab-title-1582\"><p><span style=\"font-weight: 400;\">Votar pelo correio \u00e9 uma maneira segura e conveniente de votar no conforto da sua casa, sem precisar ir pessoalmente \u00e0s urnas. \u00c9 uma \u00f3tima op\u00e7\u00e3o para pessoas com defici\u00eancia, dificuldades de mobilidade e transporte ou agendas lotadas e imprevis\u00edveis! <\/span><\/p><\/div>\n\t\t\t\t<\/div>\n\t\t\t\t\t\t\t<div class=\"elementor-toggle-item\">\n\t\t\t\t\t<div id=\"elementor-tab-title-1583\" class=\"elementor-tab-title\" data-tab=\"3\" role=\"button\" aria-controls=\"elementor-tab-content-1583\" aria-expanded=\"false\">\n\t\t\t\t\t\t\t\t\t\t\t\t<span class=\"elementor-toggle-icon elementor-toggle-icon-left\" aria-hidden=\"true\">\n\t\t\t\t\t\t\t\t\t\t\t\t\t\t\t<span class=\"elementor-toggle-icon-closed\"><i class=\"fas fa-caret-right\"><\/i><\/span>\n\t\t\t\t\t\t\t\t<span class=\"elementor-toggle-icon-opened\"><i class=\"elementor-toggle-icon-opened fas fa-caret-up\"><\/i><\/span>\n\t\t\t\t\t\t\t\t\t\t\t\t\t<\/span>\n\t\t\t\t\t\t\t\t\t\t\t\t<a class=\"elementor-toggle-title\" tabindex=\"0\">Quem pode votar pelo correio?<\/a>\n\t\t\t\t\t<\/div>\n\n\t\t\t\t\t<div id=\"elementor-tab-content-1583\" class=\"elementor-tab-content elementor-clearfix\" data-tab=\"3\" role=\"region\" aria-labelledby=\"elementor-tab-title-1583\"><p><span style=\"font-weight: 400;\">Se voc\u00ea for um eleitor registrado na Fl\u00f3rida, tem o direito de votar pelo correio. N\u00e3o \u00e9 necess\u00e1rio fornecer justificativa para votar pelo correio. <\/span><\/p><\/div>\n\t\t\t\t<\/div>\n\t\t\t\t\t\t\t<div class=\"elementor-toggle-item\">\n\t\t\t\t\t<div id=\"elementor-tab-title-1584\" class=\"elementor-tab-title\" data-tab=\"4\" role=\"button\" aria-controls=\"elementor-tab-content-1584\" aria-expanded=\"false\">\n\t\t\t\t\t\t\t\t\t\t\t\t<span class=\"elementor-toggle-icon elementor-toggle-icon-left\" aria-hidden=\"true\">\n\t\t\t\t\t\t\t\t\t\t\t\t\t\t\t<span class=\"elementor-toggle-icon-closed\"><i class=\"fas fa-caret-right\"><\/i><\/span>\n\t\t\t\t\t\t\t\t<span class=\"elementor-toggle-icon-opened\"><i class=\"elementor-toggle-icon-opened fas fa-caret-up\"><\/i><\/span>\n\t\t\t\t\t\t\t\t\t\t\t\t\t<\/span>\n\t\t\t\t\t\t\t\t\t\t\t\t<a class=\"elementor-toggle-title\" tabindex=\"0\">Como posso solicitar minha c\u00e9dula de vota\u00e7\u00e3o pelo correio?<\/a>\n\t\t\t\t\t<\/div>\n\n\t\t\t\t\t<div id=\"elementor-tab-content-1584\" class=\"elementor-tab-content elementor-clearfix\" data-tab=\"4\" role=\"region\" aria-labelledby=\"elementor-tab-title-1584\"><p><span style=\"font-weight: 400;\">Solicitar sua c\u00e9dula de vota\u00e7\u00e3o pelo correio \u00e9 r\u00e1pido e f\u00e1cil! <a href=\"\/bymail\" target=\"_blank\" rel=\"noopener\">Voc\u00ea pode fazer isso diretamente em nosso site clicando aqui.<\/a><\/span><\/p><\/div>\n\t\t\t\t<\/div>\n\t\t\t\t\t\t\t<div class=\"elementor-toggle-item\">\n\t\t\t\t\t<div id=\"elementor-tab-title-1585\" class=\"elementor-tab-title\" data-tab=\"5\" role=\"button\" aria-controls=\"elementor-tab-content-1585\" aria-expanded=\"false\">\n\t\t\t\t\t\t\t\t\t\t\t\t<span class=\"elementor-toggle-icon elementor-toggle-icon-left\" aria-hidden=\"true\">\n\t\t\t\t\t\t\t\t\t\t\t\t\t\t\t<span class=\"elementor-toggle-icon-closed\"><i class=\"fas fa-caret-right\"><\/i><\/span>\n\t\t\t\t\t\t\t\t<span class=\"elementor-toggle-icon-opened\"><i class=\"elementor-toggle-icon-opened fas fa-caret-up\"><\/i><\/span>\n\t\t\t\t\t\t\t\t\t\t\t\t\t<\/span>\n\t\t\t\t\t\t\t\t\t\t\t\t<a class=\"elementor-toggle-title\" tabindex=\"0\">Qual \u00e9 o prazo para solicitar uma c\u00e9dula de vota\u00e7\u00e3o pelo correio?<\/a>\n\t\t\t\t\t<\/div>\n\n\t\t\t\t\t<div id=\"elementor-tab-content-1585\" class=\"elementor-tab-content elementor-clearfix\" data-tab=\"5\" role=\"region\" aria-labelledby=\"elementor-tab-title-1585\"><p><span style=\"font-weight: 400;\">O prazo para solicitar uma c\u00e9dula de vota\u00e7\u00e3o pelo correio \u00e9 antes das 17h do 12\u00ba dia ANTES da elei\u00e7\u00e3o.\u00a0<\/span><\/p><p><span style=\"font-weight: 400;\">Solicite sua c\u00e9dula de vota\u00e7\u00e3o por correspond\u00eancia o mais r\u00e1pido poss\u00edvel! N\u00e3o espere o prazo acabar!<\/span><\/p><\/div>\n\t\t\t\t<\/div>\n\t\t\t\t\t\t\t<div class=\"elementor-toggle-item\">\n\t\t\t\t\t<div id=\"elementor-tab-title-1586\" class=\"elementor-tab-title\" data-tab=\"6\" role=\"button\" aria-controls=\"elementor-tab-content-1586\" aria-expanded=\"false\">\n\t\t\t\t\t\t\t\t\t\t\t\t<span class=\"elementor-toggle-icon elementor-toggle-icon-left\" aria-hidden=\"true\">\n\t\t\t\t\t\t\t\t\t\t\t\t\t\t\t<span class=\"elementor-toggle-icon-closed\"><i class=\"fas fa-caret-right\"><\/i><\/span>\n\t\t\t\t\t\t\t\t<span class=\"elementor-toggle-icon-opened\"><i class=\"elementor-toggle-icon-opened fas fa-caret-up\"><\/i><\/span>\n\t\t\t\t\t\t\t\t\t\t\t\t\t<\/span>\n\t\t\t\t\t\t\t\t\t\t\t\t<a class=\"elementor-toggle-title\" tabindex=\"0\">O que acontece se eu danificar ou perder minha c\u00e9dula de vota\u00e7\u00e3o pelo correio? <\/a>\n\t\t\t\t\t<\/div>\n\n\t\t\t\t\t<div id=\"elementor-tab-content-1586\" class=\"elementor-tab-content elementor-clearfix\" data-tab=\"6\" role=\"region\" aria-labelledby=\"elementor-tab-title-1586\"><p><span style=\"font-weight: 400;\">Se sua c\u00e9dula de vota\u00e7\u00e3o pelo correio for danificada ou perdida, voc\u00ea pode solicitar outra c\u00e9dula entrando em contato com o escrit\u00f3rio do seu Supervisor Eleitoral. <\/span><a href=\"https:\/\/dos.fl.gov\/elections\/contacts\/supervisor-of-elections\/\" target=\"_blank\" rel=\"noopener\"><span style=\"font-weight: 400;\">Clique aqui para encontrar as informa\u00e7\u00f5es de contato do seu Supervisor de Elei\u00e7\u00f5es<\/span><\/a><span style=\"font-weight: 400;\">. <\/span><\/p><\/div>\n\t\t\t\t<\/div>\n\t\t\t\t\t\t\t<div class=\"elementor-toggle-item\">\n\t\t\t\t\t<div id=\"elementor-tab-title-1587\" class=\"elementor-tab-title\" data-tab=\"7\" role=\"button\" aria-controls=\"elementor-tab-content-1587\" aria-expanded=\"false\">\n\t\t\t\t\t\t\t\t\t\t\t\t<span class=\"elementor-toggle-icon elementor-toggle-icon-left\" aria-hidden=\"true\">\n\t\t\t\t\t\t\t\t\t\t\t\t\t\t\t<span class=\"elementor-toggle-icon-closed\"><i class=\"fas fa-caret-right\"><\/i><\/span>\n\t\t\t\t\t\t\t\t<span class=\"elementor-toggle-icon-opened\"><i class=\"elementor-toggle-icon-opened fas fa-caret-up\"><\/i><\/span>\n\t\t\t\t\t\t\t\t\t\t\t\t\t<\/span>\n\t\t\t\t\t\t\t\t\t\t\t\t<a class=\"elementor-toggle-title\" tabindex=\"0\">Como fa\u00e7o para devolver minha c\u00e9dula de vota\u00e7\u00e3o pelo correio?<\/a>\n\t\t\t\t\t<\/div>\n\n\t\t\t\t\t<div id=\"elementor-tab-content-1587\" class=\"elementor-tab-content elementor-clearfix\" data-tab=\"7\" role=\"region\" aria-labelledby=\"elementor-tab-title-1587\"><p><span style=\"font-weight: 400;\">Voc\u00ea pode devolver sua c\u00e9dula de vota\u00e7\u00e3o preenchida pelo correio das seguintes maneiras seguras e convenientes:\u00a0<\/span><\/p><ul><li style=\"font-weight: 400;\" aria-level=\"1\"><span style=\"font-weight: 400;\">Enviando de volta para o escrit\u00f3rio do Supervisor Eleitoral. Certifique-se de que sua c\u00e9dula seja recebida pelo escrit\u00f3rio do Supervisor Eleitoral antes das 19h da noite da elei\u00e7\u00e3o!<\/span><\/li><li style=\"font-weight: 400;\" aria-level=\"1\">As instru\u00e7\u00f5es para devolver sua c\u00e9dula de vota\u00e7\u00e3o pelo correio estar\u00e3o inclu\u00eddas no seu pacote de eleitor.\u00a0<\/li><\/ul><ul><li style=\"font-weight: 400;\" aria-level=\"1\"><span style=\"font-weight: 400;\">Devolvendo-o pessoalmente, depositando-o em uma caixa de coleta segura em um local designado.<\/span><\/li><li style=\"font-weight: 400;\" aria-level=\"1\"><span style=\"font-weight: 400;\">Uma c\u00e9dula de vota\u00e7\u00e3o pelo correio n\u00e3o pode ser devolvida on-line, por e-mail ou por fax.\u00a0 <\/span><\/li><\/ul><\/div>\n\t\t\t\t<\/div>\n\t\t\t\t\t\t\t<div class=\"elementor-toggle-item\">\n\t\t\t\t\t<div id=\"elementor-tab-title-1588\" class=\"elementor-tab-title\" data-tab=\"8\" role=\"button\" aria-controls=\"elementor-tab-content-1588\" aria-expanded=\"false\">\n\t\t\t\t\t\t\t\t\t\t\t\t<span class=\"elementor-toggle-icon elementor-toggle-icon-left\" aria-hidden=\"true\">\n\t\t\t\t\t\t\t\t\t\t\t\t\t\t\t<span class=\"elementor-toggle-icon-closed\"><i class=\"fas fa-caret-right\"><\/i><\/span>\n\t\t\t\t\t\t\t\t<span class=\"elementor-toggle-icon-opened\"><i class=\"elementor-toggle-icon-opened fas fa-caret-up\"><\/i><\/span>\n\t\t\t\t\t\t\t\t\t\t\t\t\t<\/span>\n\t\t\t\t\t\t\t\t\t\t\t\t<a class=\"elementor-toggle-title\" tabindex=\"0\">Qual \u00e9 o prazo para devolver uma c\u00e9dula de vota\u00e7\u00e3o pelo correio?<\/a>\n\t\t\t\t\t<\/div>\n\n\t\t\t\t\t<div id=\"elementor-tab-content-1588\" class=\"elementor-tab-content elementor-clearfix\" data-tab=\"8\" role=\"region\" aria-labelledby=\"elementor-tab-title-1588\"><p><span style=\"font-weight: 400;\">Todas as c\u00e9dulas de vota\u00e7\u00e3o pelo correio DEVEM ser recebidas pelo escrit\u00f3rio do Supervisor de Elei\u00e7\u00f5es antes das 19h do dia da elei\u00e7\u00e3o. <\/span><\/p><\/div>\n\t\t\t\t<\/div>\n\t\t\t\t\t\t\t<div class=\"elementor-toggle-item\">\n\t\t\t\t\t<div id=\"elementor-tab-title-1589\" class=\"elementor-tab-title\" data-tab=\"9\" role=\"button\" aria-controls=\"elementor-tab-content-1589\" aria-expanded=\"false\">\n\t\t\t\t\t\t\t\t\t\t\t\t<span class=\"elementor-toggle-icon elementor-toggle-icon-left\" aria-hidden=\"true\">\n\t\t\t\t\t\t\t\t\t\t\t\t\t\t\t<span class=\"elementor-toggle-icon-closed\"><i class=\"fas fa-caret-right\"><\/i><\/span>\n\t\t\t\t\t\t\t\t<span class=\"elementor-toggle-icon-opened\"><i class=\"elementor-toggle-icon-opened fas fa-caret-up\"><\/i><\/span>\n\t\t\t\t\t\t\t\t\t\t\t\t\t<\/span>\n\t\t\t\t\t\t\t\t\t\t\t\t<a class=\"elementor-toggle-title\" tabindex=\"0\">Qual \u00e9 o prazo recomendado para devolver uma c\u00e9dula de vota\u00e7\u00e3o pelo correio?<\/a>\n\t\t\t\t\t<\/div>\n\n\t\t\t\t\t<div id=\"elementor-tab-content-1589\" class=\"elementor-tab-content elementor-clearfix\" data-tab=\"9\" role=\"region\" aria-labelledby=\"elementor-tab-title-1589\"><p><span style=\"font-weight: 400;\">Se voc\u00ea estiver devolvendo a c\u00e9dula de vota\u00e7\u00e3o pelo correio, recomendamos que a devolva pelo menos 10 dias antes da elei\u00e7\u00e3o. Se estiver devolvendo a c\u00e9dula de vota\u00e7\u00e3o pessoalmente, voc\u00ea dever\u00e1 entreg\u00e1-la em uma caixa de coleta segura designada at\u00e9 as 19h do dia da elei\u00e7\u00e3o. <\/span><\/p><\/div>\n\t\t\t\t<\/div>\n\t\t\t\t\t\t\t<div class=\"elementor-toggle-item\">\n\t\t\t\t\t<div id=\"elementor-tab-title-15810\" class=\"elementor-tab-title\" data-tab=\"10\" role=\"button\" aria-controls=\"elementor-tab-content-15810\" aria-expanded=\"false\">\n\t\t\t\t\t\t\t\t\t\t\t\t<span class=\"elementor-toggle-icon elementor-toggle-icon-left\" aria-hidden=\"true\">\n\t\t\t\t\t\t\t\t\t\t\t\t\t\t\t<span class=\"elementor-toggle-icon-closed\"><i class=\"fas fa-caret-right\"><\/i><\/span>\n\t\t\t\t\t\t\t\t<span class=\"elementor-toggle-icon-opened\"><i class=\"elementor-toggle-icon-opened fas fa-caret-up\"><\/i><\/span>\n\t\t\t\t\t\t\t\t\t\t\t\t\t<\/span>\n\t\t\t\t\t\t\t\t\t\t\t\t<a class=\"elementor-toggle-title\" tabindex=\"0\">Posso rastrear minha c\u00e9dula depois de envi\u00e1-la de volta?<\/a>\n\t\t\t\t\t<\/div>\n\n\t\t\t\t\t<div id=\"elementor-tab-content-15810\" class=\"elementor-tab-content elementor-clearfix\" data-tab=\"10\" role=\"region\" aria-labelledby=\"elementor-tab-title-15810\"><p><span style=\"font-weight: 400;\">Sim! Recomendamos que voc\u00ea acompanhe sua c\u00e9dula para garantir que seu voto seja contabilizado! <a href=\"\/check\" target=\"_blank\" rel=\"noopener\">Voc\u00ea pode acompanhar sua c\u00e9dula clicando aqui.<\/a><\/span><\/p><\/div>\n\t\t\t\t<\/div>\n\t\t\t\t\t\t\t<div class=\"elementor-toggle-item\">\n\t\t\t\t\t<div id=\"elementor-tab-title-15811\" class=\"elementor-tab-title\" data-tab=\"11\" role=\"button\" aria-controls=\"elementor-tab-content-15811\" aria-expanded=\"false\">\n\t\t\t\t\t\t\t\t\t\t\t\t<span class=\"elementor-toggle-icon elementor-toggle-icon-left\" aria-hidden=\"true\">\n\t\t\t\t\t\t\t\t\t\t\t\t\t\t\t<span class=\"elementor-toggle-icon-closed\"><i class=\"fas fa-caret-right\"><\/i><\/span>\n\t\t\t\t\t\t\t\t<span class=\"elementor-toggle-icon-opened\"><i class=\"elementor-toggle-icon-opened fas fa-caret-up\"><\/i><\/span>\n\t\t\t\t\t\t\t\t\t\t\t\t\t<\/span>\n\t\t\t\t\t\t\t\t\t\t\t\t<a class=\"elementor-toggle-title\" tabindex=\"0\">Posso votar pessoalmente se solicitei uma c\u00e9dula de vota\u00e7\u00e3o pelo correio?<\/a>\n\t\t\t\t\t<\/div>\n\n\t\t\t\t\t<div id=\"elementor-tab-content-15811\" class=\"elementor-tab-content elementor-clearfix\" data-tab=\"11\" role=\"region\" aria-labelledby=\"elementor-tab-title-15811\"><p><span style=\"font-weight: 400;\">Sim, voc\u00ea pode votar pessoalmente durante a Vota\u00e7\u00e3o Antecipada ou no Dia da Elei\u00e7\u00e3o, caso tenha solicitado e recebido uma c\u00e9dula de Voto pelo Correio. Certifique-se de trazer sua c\u00e9dula de Voto pelo Correio e entreg\u00e1-la antes de votar pessoalmente.\u00a0 <\/span><\/p><\/div>\n\t\t\t\t<\/div>\n\t\t\t\t\t\t\t<div class=\"elementor-toggle-item\">\n\t\t\t\t\t<div id=\"elementor-tab-title-15812\" class=\"elementor-tab-title\" data-tab=\"12\" role=\"button\" aria-controls=\"elementor-tab-content-15812\" aria-expanded=\"false\">\n\t\t\t\t\t\t\t\t\t\t\t\t<span class=\"elementor-toggle-icon elementor-toggle-icon-left\" aria-hidden=\"true\">\n\t\t\t\t\t\t\t\t\t\t\t\t\t\t\t<span class=\"elementor-toggle-icon-closed\"><i class=\"fas fa-caret-right\"><\/i><\/span>\n\t\t\t\t\t\t\t\t<span class=\"elementor-toggle-icon-opened\"><i class=\"elementor-toggle-icon-opened fas fa-caret-up\"><\/i><\/span>\n\t\t\t\t\t\t\t\t\t\t\t\t\t<\/span>\n\t\t\t\t\t\t\t\t\t\t\t\t<a class=\"elementor-toggle-title\" tabindex=\"0\">Preciso solicitar uma c\u00e9dula de vota\u00e7\u00e3o pelo correio antes de cada elei\u00e7\u00e3o? <\/a>\n\t\t\t\t\t<\/div>\n\n\t\t\t\t\t<div id=\"elementor-tab-content-15812\" class=\"elementor-tab-content elementor-clearfix\" data-tab=\"12\" role=\"region\" aria-labelledby=\"elementor-tab-title-15812\"><p><span style=\"font-weight: 400;\">Todos os pedidos de c\u00e9dula de voto por correspond\u00eancia expiram ao final de cada ciclo eleitoral (31 de dezembro, ap\u00f3s as elei\u00e7\u00f5es presidenciais e de meio de mandato). Voc\u00ea deve renovar seu pedido de c\u00e9dula de voto por correspond\u00eancia a cada ciclo eleitoral.\u00a0 <\/span><\/p><\/div>\n\t\t\t\t<\/div>\n\t\t\t\t\t\t\t\t<\/div>\n\t\t\t\t\t\t<\/div>\n\t\t\t\t<\/div>\n\t\t\t\t<div class=\"elementor-element elementor-element-bcab7d6 elementor-widget elementor-widget-heading\" data-id=\"bcab7d6\" data-element_type=\"widget\" data-widget_type=\"heading.default\">\n\t\t\t\t<div class=\"elementor-widget-container\">\n\t\t\t\t\t<h4 class=\"elementor-heading-title elementor-size-default\">Vota\u00e7\u00e3o presencial<\/h4>\t\t\t\t<\/div>\n\t\t\t\t<\/div>\n\t\t\t\t<div class=\"elementor-element elementor-element-6f2b1c6 elementor-widget elementor-widget-toggle\" data-id=\"6f2b1c6\" data-element_type=\"widget\" data-widget_type=\"toggle.default\">\n\t\t\t\t<div class=\"elementor-widget-container\">\n\t\t\t\t\t\t\t<div class=\"elementor-toggle\">\n\t\t\t\t\t\t\t<div class=\"elementor-toggle-item\">\n\t\t\t\t\t<div id=\"elementor-tab-title-1161\" class=\"elementor-tab-title\" data-tab=\"1\" role=\"button\" aria-controls=\"elementor-tab-content-1161\" aria-expanded=\"false\">\n\t\t\t\t\t\t\t\t\t\t\t\t<span class=\"elementor-toggle-icon elementor-toggle-icon-left\" aria-hidden=\"true\">\n\t\t\t\t\t\t\t\t\t\t\t\t\t\t\t<span class=\"elementor-toggle-icon-closed\"><i class=\"fas fa-caret-right\"><\/i><\/span>\n\t\t\t\t\t\t\t\t<span class=\"elementor-toggle-icon-opened\"><i class=\"elementor-toggle-icon-opened fas fa-caret-up\"><\/i><\/span>\n\t\t\t\t\t\t\t\t\t\t\t\t\t<\/span>\n\t\t\t\t\t\t\t\t\t\t\t\t<a class=\"elementor-toggle-title\" tabindex=\"0\">Quem pode votar pessoalmente? <\/a>\n\t\t\t\t\t<\/div>\n\n\t\t\t\t\t<div id=\"elementor-tab-content-1161\" class=\"elementor-tab-content elementor-clearfix\" data-tab=\"1\" role=\"region\" aria-labelledby=\"elementor-tab-title-1161\"><p><span style=\"font-weight: 400;\">Se voc\u00ea for um eleitor registrado na Fl\u00f3rida, ter\u00e1 o direito de votar pessoalmente durante a Vota\u00e7\u00e3o Antecipada ou no Dia da Elei\u00e7\u00e3o. <\/span><\/p><\/div>\n\t\t\t\t<\/div>\n\t\t\t\t\t\t\t<div class=\"elementor-toggle-item\">\n\t\t\t\t\t<div id=\"elementor-tab-title-1162\" class=\"elementor-tab-title\" data-tab=\"2\" role=\"button\" aria-controls=\"elementor-tab-content-1162\" aria-expanded=\"false\">\n\t\t\t\t\t\t\t\t\t\t\t\t<span class=\"elementor-toggle-icon elementor-toggle-icon-left\" aria-hidden=\"true\">\n\t\t\t\t\t\t\t\t\t\t\t\t\t\t\t<span class=\"elementor-toggle-icon-closed\"><i class=\"fas fa-caret-right\"><\/i><\/span>\n\t\t\t\t\t\t\t\t<span class=\"elementor-toggle-icon-opened\"><i class=\"elementor-toggle-icon-opened fas fa-caret-up\"><\/i><\/span>\n\t\t\t\t\t\t\t\t\t\t\t\t\t<\/span>\n\t\t\t\t\t\t\t\t\t\t\t\t<a class=\"elementor-toggle-title\" tabindex=\"0\">Onde posso votar antecipadamente pessoalmente? <\/a>\n\t\t\t\t\t<\/div>\n\n\t\t\t\t\t<div id=\"elementor-tab-content-1162\" class=\"elementor-tab-content elementor-clearfix\" data-tab=\"2\" role=\"region\" aria-labelledby=\"elementor-tab-title-1162\"><p><span style=\"font-weight: 400;\">Para encontrar o local de vota\u00e7\u00e3o antecipada mais pr\u00f3ximo e seus hor\u00e1rios, visite o site <\/span><a href=\"https:\/\/dos.fl.gov\/elections\/for-voters\/voting\/early-voting-and-secure-ballot-intake-stations\/\" target=\"_blank\" rel=\"noopener\"><span style=\"font-weight: 400;\">Site da Divis\u00e3o Eleitoral da Fl\u00f3rida<\/span><\/a><span style=\"font-weight: 400;\">.\u00a0 <\/span><\/p><\/div>\n\t\t\t\t<\/div>\n\t\t\t\t\t\t\t<div class=\"elementor-toggle-item\">\n\t\t\t\t\t<div id=\"elementor-tab-title-1163\" class=\"elementor-tab-title\" data-tab=\"3\" role=\"button\" aria-controls=\"elementor-tab-content-1163\" aria-expanded=\"false\">\n\t\t\t\t\t\t\t\t\t\t\t\t<span class=\"elementor-toggle-icon elementor-toggle-icon-left\" aria-hidden=\"true\">\n\t\t\t\t\t\t\t\t\t\t\t\t\t\t\t<span class=\"elementor-toggle-icon-closed\"><i class=\"fas fa-caret-right\"><\/i><\/span>\n\t\t\t\t\t\t\t\t<span class=\"elementor-toggle-icon-opened\"><i class=\"elementor-toggle-icon-opened fas fa-caret-up\"><\/i><\/span>\n\t\t\t\t\t\t\t\t\t\t\t\t\t<\/span>\n\t\t\t\t\t\t\t\t\t\t\t\t<a class=\"elementor-toggle-title\" tabindex=\"0\">Onde posso votar pessoalmente no dia da elei\u00e7\u00e3o? <\/a>\n\t\t\t\t\t<\/div>\n\n\t\t\t\t\t<div id=\"elementor-tab-content-1163\" class=\"elementor-tab-content elementor-clearfix\" data-tab=\"3\" role=\"region\" aria-labelledby=\"elementor-tab-title-1163\"><p><span style=\"font-weight: 400;\">Informa\u00e7\u00f5es sobre a se\u00e7\u00e3o eleitoral e os locais de vota\u00e7\u00e3o podem ser encontradas no seu cart\u00e3o de eleitor. Para encontrar sua se\u00e7\u00e3o eleitoral ou local de vota\u00e7\u00e3o online, ou para obter as informa\u00e7\u00f5es mais atualizadas sobre mudan\u00e7as nos locais de vota\u00e7\u00e3o, visite seu <\/span><a href=\"https:\/\/dos.fl.gov\/elections\/contacts\/supervisor-of-elections\/\" target=\"_blank\" rel=\"noopener\"><span style=\"font-weight: 400;\">Site do Supervisor de Elei\u00e7\u00f5es<\/span><\/a><span style=\"font-weight: 400;\"> ou entre em contato com o escrit\u00f3rio. <\/span><\/p><\/div>\n\t\t\t\t<\/div>\n\t\t\t\t\t\t\t<div class=\"elementor-toggle-item\">\n\t\t\t\t\t<div id=\"elementor-tab-title-1164\" class=\"elementor-tab-title\" data-tab=\"4\" role=\"button\" aria-controls=\"elementor-tab-content-1164\" aria-expanded=\"false\">\n\t\t\t\t\t\t\t\t\t\t\t\t<span class=\"elementor-toggle-icon elementor-toggle-icon-left\" aria-hidden=\"true\">\n\t\t\t\t\t\t\t\t\t\t\t\t\t\t\t<span class=\"elementor-toggle-icon-closed\"><i class=\"fas fa-caret-right\"><\/i><\/span>\n\t\t\t\t\t\t\t\t<span class=\"elementor-toggle-icon-opened\"><i class=\"elementor-toggle-icon-opened fas fa-caret-up\"><\/i><\/span>\n\t\t\t\t\t\t\t\t\t\t\t\t\t<\/span>\n\t\t\t\t\t\t\t\t\t\t\t\t<a class=\"elementor-toggle-title\" tabindex=\"0\">O que preciso levar para votar pessoalmente? <\/a>\n\t\t\t\t\t<\/div>\n\n\t\t\t\t\t<div id=\"elementor-tab-content-1164\" class=\"elementor-tab-content elementor-clearfix\" data-tab=\"4\" role=\"region\" aria-labelledby=\"elementor-tab-title-1164\"><p><span style=\"font-weight: 400;\">No seu local de vota\u00e7\u00e3o, ser\u00e1 solicitado que voc\u00ea apresente um documento de identidade v\u00e1lido com foto e assinatura. Qualquer um dos seguintes documentos de identidade com foto ser\u00e1 aceito:<\/span><\/p><ul><li style=\"font-weight: 400;\" aria-level=\"1\"><span style=\"font-weight: 400;\">Carteira de motorista ou carteira de identidade da Fl\u00f3rida<\/span><\/li><li style=\"font-weight: 400;\" aria-level=\"1\"><span style=\"font-weight: 400;\">passaporte dos Estados Unidos<\/span><\/li><li style=\"font-weight: 400;\" aria-level=\"1\"><span style=\"font-weight: 400;\">Cart\u00e3o de d\u00e9bito ou cr\u00e9dito<\/span><\/li><li style=\"font-weight: 400;\" aria-level=\"1\"><span style=\"font-weight: 400;\">Identifica\u00e7\u00e3o militar<\/span><\/li><li style=\"font-weight: 400;\" aria-level=\"1\"><span style=\"font-weight: 400;\">Identifica\u00e7\u00e3o do aluno<\/span><\/li><li style=\"font-weight: 400;\" aria-level=\"1\"><span style=\"font-weight: 400;\">Identifica\u00e7\u00e3o do centro de aposentadoria<\/span><\/li><li style=\"font-weight: 400;\" aria-level=\"1\"><span style=\"font-weight: 400;\">Identifica\u00e7\u00e3o da associa\u00e7\u00e3o de bairro<\/span><\/li><li style=\"font-weight: 400;\" aria-level=\"1\"><span style=\"font-weight: 400;\">Identifica\u00e7\u00e3o de assist\u00eancia p\u00fablica<\/span><\/li><li style=\"font-weight: 400;\" aria-level=\"1\"><span style=\"font-weight: 400;\">Cart\u00e3o de identifica\u00e7\u00e3o de sa\u00fade de veterano emitido pelo Departamento de Assuntos de Veteranos<\/span><\/li><li style=\"font-weight: 400;\" aria-level=\"1\"><span style=\"font-weight: 400;\">Licen\u00e7a para portar arma oculta ou arma de fogo emitida de acordo com o art. 790.06 Cart\u00e3o de identifica\u00e7\u00e3o de funcion\u00e1rio p\u00fablico<\/span><\/li><\/ul><p><span style=\"font-weight: 400;\">Caso seu documento de identidade com foto n\u00e3o inclua sua assinatura, voc\u00ea ser\u00e1 solicitado a fornecer outro documento de identidade com sua assinatura. <\/span><\/p><\/div>\n\t\t\t\t<\/div>\n\t\t\t\t\t\t\t<div class=\"elementor-toggle-item\">\n\t\t\t\t\t<div id=\"elementor-tab-title-1165\" class=\"elementor-tab-title\" data-tab=\"5\" role=\"button\" aria-controls=\"elementor-tab-content-1165\" aria-expanded=\"false\">\n\t\t\t\t\t\t\t\t\t\t\t\t<span class=\"elementor-toggle-icon elementor-toggle-icon-left\" aria-hidden=\"true\">\n\t\t\t\t\t\t\t\t\t\t\t\t\t\t\t<span class=\"elementor-toggle-icon-closed\"><i class=\"fas fa-caret-right\"><\/i><\/span>\n\t\t\t\t\t\t\t\t<span class=\"elementor-toggle-icon-opened\"><i class=\"elementor-toggle-icon-opened fas fa-caret-up\"><\/i><\/span>\n\t\t\t\t\t\t\t\t\t\t\t\t\t<\/span>\n\t\t\t\t\t\t\t\t\t\t\t\t<a class=\"elementor-toggle-title\" tabindex=\"0\">Posso me registrar para votar durante a vota\u00e7\u00e3o antecipada ou no dia da elei\u00e7\u00e3o? <\/a>\n\t\t\t\t\t<\/div>\n\n\t\t\t\t\t<div id=\"elementor-tab-content-1165\" class=\"elementor-tab-content elementor-clearfix\" data-tab=\"5\" role=\"region\" aria-labelledby=\"elementor-tab-title-1165\"><p><span style=\"font-weight: 400;\">N\u00e3o, a Fl\u00f3rida n\u00e3o oferece registro de eleitor no mesmo dia durante a vota\u00e7\u00e3o antecipada, ent\u00e3o certifique-se de enviar seu registro de eleitor antes do prazo final.<\/span><\/p><p><span style=\"font-weight: 400;\">*O prazo para se registrar para votar \u00e9 29 dias antes da elei\u00e7\u00e3o. <\/span><\/p><\/div>\n\t\t\t\t<\/div>\n\t\t\t\t\t\t\t<div class=\"elementor-toggle-item\">\n\t\t\t\t\t<div id=\"elementor-tab-title-1166\" class=\"elementor-tab-title\" data-tab=\"6\" role=\"button\" aria-controls=\"elementor-tab-content-1166\" aria-expanded=\"false\">\n\t\t\t\t\t\t\t\t\t\t\t\t<span class=\"elementor-toggle-icon elementor-toggle-icon-left\" aria-hidden=\"true\">\n\t\t\t\t\t\t\t\t\t\t\t\t\t\t\t<span class=\"elementor-toggle-icon-closed\"><i class=\"fas fa-caret-right\"><\/i><\/span>\n\t\t\t\t\t\t\t\t<span class=\"elementor-toggle-icon-opened\"><i class=\"elementor-toggle-icon-opened fas fa-caret-up\"><\/i><\/span>\n\t\t\t\t\t\t\t\t\t\t\t\t\t<\/span>\n\t\t\t\t\t\t\t\t\t\t\t\t<a class=\"elementor-toggle-title\" tabindex=\"0\">Quando as urnas abrem e fecham no dia da elei\u00e7\u00e3o? <\/a>\n\t\t\t\t\t<\/div>\n\n\t\t\t\t\t<div id=\"elementor-tab-content-1166\" class=\"elementor-tab-content elementor-clearfix\" data-tab=\"6\" role=\"region\" aria-labelledby=\"elementor-tab-title-1166\"><p><span style=\"font-weight: 400;\">As urnas estar\u00e3o abertas das 7h \u00e0s 19h no dia da elei\u00e7\u00e3o. Qualquer eleitor que estiver na fila \u00e0s 19h ainda poder\u00e1 votar. <\/span><\/p><\/div>\n\t\t\t\t<\/div>\n\t\t\t\t\t\t\t<div class=\"elementor-toggle-item\">\n\t\t\t\t\t<div id=\"elementor-tab-title-1167\" class=\"elementor-tab-title\" data-tab=\"7\" role=\"button\" aria-controls=\"elementor-tab-content-1167\" aria-expanded=\"false\">\n\t\t\t\t\t\t\t\t\t\t\t\t<span class=\"elementor-toggle-icon elementor-toggle-icon-left\" aria-hidden=\"true\">\n\t\t\t\t\t\t\t\t\t\t\t\t\t\t\t<span class=\"elementor-toggle-icon-closed\"><i class=\"fas fa-caret-right\"><\/i><\/span>\n\t\t\t\t\t\t\t\t<span class=\"elementor-toggle-icon-opened\"><i class=\"elementor-toggle-icon-opened fas fa-caret-up\"><\/i><\/span>\n\t\t\t\t\t\t\t\t\t\t\t\t\t<\/span>\n\t\t\t\t\t\t\t\t\t\t\t\t<a class=\"elementor-toggle-title\" tabindex=\"0\">Quando as urnas abrem e fecham durante a Vota\u00e7\u00e3o Antecipada?  <\/a>\n\t\t\t\t\t<\/div>\n\n\t\t\t\t\t<div id=\"elementor-tab-content-1167\" class=\"elementor-tab-content elementor-clearfix\" data-tab=\"7\" role=\"region\" aria-labelledby=\"elementor-tab-title-1167\"><p><span style=\"font-weight: 400;\">Os locais e hor\u00e1rios dos locais de vota\u00e7\u00e3o antecipada variam de acordo com o condado. Para mais informa\u00e7\u00f5es sobre onde e quando voc\u00ea pode votar antecipadamente, visite o site <\/span><a href=\"https:\/\/dos.fl.gov\/elections\/for-voters\/voting\/early-voting-and-secure-ballot-intake-stations\/\" target=\"_blank\" rel=\"noopener\"><span style=\"font-weight: 400;\">Site da Divis\u00e3o Eleitoral da Fl\u00f3rida<\/span><\/a><span style=\"font-weight: 400;\">.<\/span><\/p><\/div>\n\t\t\t\t<\/div>\n\t\t\t\t\t\t\t<div class=\"elementor-toggle-item\">\n\t\t\t\t\t<div id=\"elementor-tab-title-1168\" class=\"elementor-tab-title\" data-tab=\"8\" role=\"button\" aria-controls=\"elementor-tab-content-1168\" aria-expanded=\"false\">\n\t\t\t\t\t\t\t\t\t\t\t\t<span class=\"elementor-toggle-icon elementor-toggle-icon-left\" aria-hidden=\"true\">\n\t\t\t\t\t\t\t\t\t\t\t\t\t\t\t<span class=\"elementor-toggle-icon-closed\"><i class=\"fas fa-caret-right\"><\/i><\/span>\n\t\t\t\t\t\t\t\t<span class=\"elementor-toggle-icon-opened\"><i class=\"elementor-toggle-icon-opened fas fa-caret-up\"><\/i><\/span>\n\t\t\t\t\t\t\t\t\t\t\t\t\t<\/span>\n\t\t\t\t\t\t\t\t\t\t\t\t<a class=\"elementor-toggle-title\" tabindex=\"0\">Posso votar pessoalmente se solicitei uma c\u00e9dula de vota\u00e7\u00e3o pelo correio?<\/a>\n\t\t\t\t\t<\/div>\n\n\t\t\t\t\t<div id=\"elementor-tab-content-1168\" class=\"elementor-tab-content elementor-clearfix\" data-tab=\"8\" role=\"region\" aria-labelledby=\"elementor-tab-title-1168\"><p><span style=\"font-weight: 400;\">Sim, voc\u00ea pode votar pessoalmente durante a Vota\u00e7\u00e3o Antecipada ou no Dia da Elei\u00e7\u00e3o, caso tenha solicitado e recebido uma c\u00e9dula de Voto pelo Correio. Certifique-se de trazer sua c\u00e9dula de Voto pelo Correio e entreg\u00e1-la antes de votar pessoalmente. \u00a0 <\/span><\/p><\/div>\n\t\t\t\t<\/div>\n\t\t\t\t\t\t\t\t<\/div>\n\t\t\t\t\t\t<\/div>\n\t\t\t\t<\/div>\n\t\t\t\t\t<\/div>\n\t\t<\/div>\n\t\t\t\t\t<\/div>\n\t\t<\/section>\n\t\t\t\t<\/div>","protected":false},"excerpt":{"rendered":"<p>Cadastro de Eleitores: Quem pode se registrar para votar na Fl\u00f3rida? Para se tornar um eleitor da Fl\u00f3rida, voc\u00ea deve atender aos seguintes requisitos: Ser cidad\u00e3o dos Estados Unidos. Ser residente legal da Fl\u00f3rida, no condado onde est\u00e1 se registrando. Ter pelo menos 16 anos de idade no momento do registro. (Observa\u00e7\u00e3o: 16 e 17 anos [\u2026]<\/p>","protected":false},"author":1,"featured_media":0,"parent":0,"menu_order":0,"comment_status":"closed","ping_status":"closed","template":"","meta":{"footnotes":""},"categories":[],"tags":[],"class_list":["post-1873","page","type-page","status-publish","hentry"],"yoast_head":"<!-- This site is optimized with the Yoast SEO plugin v25.9 - https:\/\/yoast.com\/wordpress\/plugins\/seo\/ -->\n<title>What To Know To Be A Powerful Florida Voter - Teach Vote Rise<\/title>\n<meta name=\"robots\" content=\"index, follow, max-snippet:-1, max-image-preview:large, max-video-preview:-1\" \/>\n<link rel=\"canonical\" href=\"https:\/\/flic.vote\/pt\/what-to-know-to-be-a-powerful-florida-voter\/\" \/>\n<meta property=\"og:locale\" content=\"pt_BR\" \/>\n<meta property=\"og:type\" content=\"article\" \/>\n<meta property=\"og:title\" content=\"What To Know To Be A Powerful Florida Voter - Teach Vote Rise\" \/>\n<meta property=\"og:description\" content=\"Voter Registration Who can register to vote in Florida? To become a Florida voter you must meet the following qualifications:\u00a0 Be a United States citizen.\u00a0 Be a legal resident of Florida, in the county where you are registering at.\u00a0 Be at least 16 years old at the time of registration. (Note: 16 and 17 year [&hellip;]\" \/>\n<meta property=\"og:url\" content=\"https:\/\/flic.vote\/pt\/what-to-know-to-be-a-powerful-florida-voter\/\" \/>\n<meta property=\"og:site_name\" content=\"Teach Vote Rise\" \/>\n<meta property=\"article:publisher\" content=\"https:\/\/www.facebook.com\/FloridaImmigrantCoalition\" \/>\n<meta property=\"article:modified_time\" content=\"2025-08-19T19:57:39+00:00\" \/>\n<meta property=\"og:image\" content=\"https:\/\/flic.vote\/wp-content\/uploads\/2020\/05\/flic-votes-fb.jpg\" \/>\n\t<meta property=\"og:image:width\" content=\"1200\" \/>\n\t<meta property=\"og:image:height\" content=\"630\" \/>\n\t<meta property=\"og:image:type\" content=\"image\/jpeg\" \/>\n<meta name=\"twitter:card\" content=\"summary_large_image\" \/>\n<meta name=\"twitter:site\" content=\"@FLImmigrant\" \/>\n<meta name=\"twitter:label1\" content=\"Est. tempo de leitura\" \/>\n\t<meta name=\"twitter:data1\" content=\"7 minutos\" \/>\n<script type=\"application\/ld+json\" class=\"yoast-schema-graph\">{\"@context\":\"https:\/\/schema.org\",\"@graph\":[{\"@type\":\"WebPage\",\"@id\":\"https:\/\/flic.vote\/pt\/what-to-know-to-be-a-powerful-florida-voter\/\",\"url\":\"https:\/\/flic.vote\/pt\/what-to-know-to-be-a-powerful-florida-voter\/\",\"name\":\"What To Know To Be A Powerful Florida Voter - Teach Vote Rise\",\"isPartOf\":{\"@id\":\"https:\/\/flic.vote\/pt\/#website\"},\"datePublished\":\"2025-08-19T19:35:26+00:00\",\"dateModified\":\"2025-08-19T19:57:39+00:00\",\"breadcrumb\":{\"@id\":\"https:\/\/flic.vote\/pt\/what-to-know-to-be-a-powerful-florida-voter\/#breadcrumb\"},\"inLanguage\":\"pt-BR\",\"potentialAction\":[{\"@type\":\"ReadAction\",\"target\":[\"https:\/\/flic.vote\/pt\/what-to-know-to-be-a-powerful-florida-voter\/\"]}]},{\"@type\":\"BreadcrumbList\",\"@id\":\"https:\/\/flic.vote\/pt\/what-to-know-to-be-a-powerful-florida-voter\/#breadcrumb\",\"itemListElement\":[{\"@type\":\"ListItem\",\"position\":1,\"name\":\"Home\",\"item\":\"https:\/\/flic.vote\/ht\/\"},{\"@type\":\"ListItem\",\"position\":2,\"name\":\"What To Know To Be A Powerful Florida Voter\"}]},{\"@type\":\"WebSite\",\"@id\":\"https:\/\/flic.vote\/pt\/#website\",\"url\":\"https:\/\/flic.vote\/pt\/\",\"name\":\"Teach Vote Rise\",\"description\":\"\",\"publisher\":{\"@id\":\"https:\/\/flic.vote\/pt\/#organization\"},\"potentialAction\":[{\"@type\":\"SearchAction\",\"target\":{\"@type\":\"EntryPoint\",\"urlTemplate\":\"https:\/\/flic.vote\/pt\/?s={search_term_string}\"},\"query-input\":{\"@type\":\"PropertyValueSpecification\",\"valueRequired\":true,\"valueName\":\"search_term_string\"}}],\"inLanguage\":\"pt-BR\"},{\"@type\":\"Organization\",\"@id\":\"https:\/\/flic.vote\/pt\/#organization\",\"name\":\"FLIC Vote\",\"url\":\"https:\/\/flic.vote\/pt\/\",\"logo\":{\"@type\":\"ImageObject\",\"inLanguage\":\"pt-BR\",\"@id\":\"https:\/\/flic.vote\/pt\/#\/schema\/logo\/image\/\",\"url\":\"https:\/\/flic.vote\/wp-content\/uploads\/2020\/04\/flic-logo-web.png\",\"contentUrl\":\"https:\/\/flic.vote\/wp-content\/uploads\/2020\/04\/flic-logo-web.png\",\"width\":454,\"height\":420,\"caption\":\"FLIC Vote\"},\"image\":{\"@id\":\"https:\/\/flic.vote\/pt\/#\/schema\/logo\/image\/\"},\"sameAs\":[\"https:\/\/www.facebook.com\/FloridaImmigrantCoalition\",\"https:\/\/x.com\/FLImmigrant\"]}]}<\/script>\n<!-- \/ Yoast SEO plugin. -->","yoast_head_json":{"title":"What To Know To Be A Powerful Florida Voter - Teach Vote Rise","robots":{"index":"index","follow":"follow","max-snippet":"max-snippet:-1","max-image-preview":"max-image-preview:large","max-video-preview":"max-video-preview:-1"},"canonical":"https:\/\/flic.vote\/pt\/what-to-know-to-be-a-powerful-florida-voter\/","og_locale":"pt_BR","og_type":"article","og_title":"What To Know To Be A Powerful Florida Voter - Teach Vote Rise","og_description":"Voter Registration Who can register to vote in Florida? To become a Florida voter you must meet the following qualifications:\u00a0 Be a United States citizen.\u00a0 Be a legal resident of Florida, in the county where you are registering at.\u00a0 Be at least 16 years old at the time of registration. (Note: 16 and 17 year [&hellip;]","og_url":"https:\/\/flic.vote\/pt\/what-to-know-to-be-a-powerful-florida-voter\/","og_site_name":"Teach Vote Rise","article_publisher":"https:\/\/www.facebook.com\/FloridaImmigrantCoalition","article_modified_time":"2025-08-19T19:57:39+00:00","og_image":[{"width":1200,"height":630,"url":"https:\/\/flic.vote\/wp-content\/uploads\/2020\/05\/flic-votes-fb.jpg","type":"image\/jpeg"}],"twitter_card":"summary_large_image","twitter_site":"@FLImmigrant","twitter_misc":{"Est. tempo de leitura":"7 minutos"},"schema":{"@context":"https:\/\/schema.org","@graph":[{"@type":"WebPage","@id":"https:\/\/flic.vote\/pt\/what-to-know-to-be-a-powerful-florida-voter\/","url":"https:\/\/flic.vote\/pt\/what-to-know-to-be-a-powerful-florida-voter\/","name":"What To Know To Be A Powerful Florida Voter - Teach Vote Rise","isPartOf":{"@id":"https:\/\/flic.vote\/pt\/#website"},"datePublished":"2025-08-19T19:35:26+00:00","dateModified":"2025-08-19T19:57:39+00:00","breadcrumb":{"@id":"https:\/\/flic.vote\/pt\/what-to-know-to-be-a-powerful-florida-voter\/#breadcrumb"},"inLanguage":"pt-BR","potentialAction":[{"@type":"ReadAction","target":["https:\/\/flic.vote\/pt\/what-to-know-to-be-a-powerful-florida-voter\/"]}]},{"@type":"BreadcrumbList","@id":"https:\/\/flic.vote\/pt\/what-to-know-to-be-a-powerful-florida-voter\/#breadcrumb","itemListElement":[{"@type":"ListItem","position":1,"name":"Home","item":"https:\/\/flic.vote\/ht\/"},{"@type":"ListItem","position":2,"name":"What To Know To Be A Powerful Florida Voter"}]},{"@type":"WebSite","@id":"https:\/\/flic.vote\/pt\/#website","url":"https:\/\/flic.vote\/pt\/","name":"Ensine a Votar em Movimento","description":"","publisher":{"@id":"https:\/\/flic.vote\/pt\/#organization"},"potentialAction":[{"@type":"SearchAction","target":{"@type":"EntryPoint","urlTemplate":"https:\/\/flic.vote\/pt\/?s={search_term_string}"},"query-input":{"@type":"PropertyValueSpecification","valueRequired":true,"valueName":"search_term_string"}}],"inLanguage":"pt-BR"},{"@type":"Organization","@id":"https:\/\/flic.vote\/pt\/#organization","name":"Vota\u00e7\u00e3o FLIC","url":"https:\/\/flic.vote\/pt\/","logo":{"@type":"ImageObject","inLanguage":"pt-BR","@id":"https:\/\/flic.vote\/pt\/#\/schema\/logo\/image\/","url":"https:\/\/flic.vote\/wp-content\/uploads\/2020\/04\/flic-logo-web.png","contentUrl":"https:\/\/flic.vote\/wp-content\/uploads\/2020\/04\/flic-logo-web.png","width":454,"height":420,"caption":"FLIC Vote"},"image":{"@id":"https:\/\/flic.vote\/pt\/#\/schema\/logo\/image\/"},"sameAs":["https:\/\/www.facebook.com\/FloridaImmigrantCoalition","https:\/\/x.com\/FLImmigrant"]}]}},"_links":{"self":[{"href":"https:\/\/flic.vote\/pt\/wp-json\/wp\/v2\/pages\/1873","targetHints":{"allow":["GET"]}}],"collection":[{"href":"https:\/\/flic.vote\/pt\/wp-json\/wp\/v2\/pages"}],"about":[{"href":"https:\/\/flic.vote\/pt\/wp-json\/wp\/v2\/types\/page"}],"author":[{"embeddable":true,"href":"https:\/\/flic.vote\/pt\/wp-json\/wp\/v2\/users\/1"}],"replies":[{"embeddable":true,"href":"https:\/\/flic.vote\/pt\/wp-json\/wp\/v2\/comments?post=1873"}],"version-history":[{"count":25,"href":"https:\/\/flic.vote\/pt\/wp-json\/wp\/v2\/pages\/1873\/revisions"}],"predecessor-version":[{"id":1899,"href":"https:\/\/flic.vote\/pt\/wp-json\/wp\/v2\/pages\/1873\/revisions\/1899"}],"wp:attachment":[{"href":"https:\/\/flic.vote\/pt\/wp-json\/wp\/v2\/media?parent=1873"}],"wp:term":[{"taxonomy":"category","embeddable":true,"href":"https:\/\/flic.vote\/pt\/wp-json\/wp\/v2\/categories?post=1873"},{"taxonomy":"post_tag","embeddable":true,"href":"https:\/\/flic.vote\/pt\/wp-json\/wp\/v2\/tags?post=1873"}],"curies":[{"name":"wp","href":"https:\/\/api.w.org\/{rel}","templated":true}]}}